{"id":49,"date":"2018-07-29T11:47:26","date_gmt":"2018-07-29T11:47:26","guid":{"rendered":"http:\/\/logopaedie-weil.de\/?page_id=49"},"modified":"2018-08-16T19:35:09","modified_gmt":"2018-08-16T19:35:09","slug":"kontakt","status":"publish","type":"page","link":"https:\/\/logopaedie-weil.de\/?page_id=49","title":{"rendered":"Kontakt"},"content":{"rendered":"<p><strong>Die Praxis der Logop\u00e4die befindet sich im Haus der Praxen im barrierefrei zug\u00e4nglichen Erdgeschoss.<\/strong><\/p>\n<p>Praxis der Logop\u00e4die<br \/>\nManuela Bahner<br \/>\nstaatlich gepr\u00fcfte Logop\u00e4din<br \/>\nLandsberger Stra\u00dfe 28 b<br \/>\n86947 Weil<\/p>\n<p>Parkpl\u00e4tze sind direkt am Haus der Praxen vorhanden.<\/p>\n<p><strong>F\u00fcr eine Terminanfrage erreichen Sie mich unter:<\/strong><\/p>\n<p><a href=\"tel:+4981957785778\">08195 \/ 778 5 778<\/a><\/p>\n<p>Montag bis Freitag von 08.00 bis 18.00 Uhr.<\/p>\n<p>Sollten Sie mich nicht pers\u00f6nlich erreichen, bitte ich Sie, mir eine Nachricht auf dem Anrufbeantworter zu hinterlassen. Ich rufe Sie umgehend zur\u00fcck.<\/p>\n<p>Oder senden Sie mir Ihre Anfrage per E-Mail:<\/p>\n<p><a href=\"mailto:praxis@logopaedie-bahner.de\">praxis@logopaedie-bahner.de<\/a><\/p>\n<p>Ich freue mich auf Ihre Kontaktaufnahme.<\/p>\n<p>Ihre Manuela Bahner<\/p>\n","protected":false},"excerpt":{"rendered":"<p>Die Praxis der Logop\u00e4die befindet sich im Haus der Praxen im barrierefrei zug\u00e4nglichen Erdgeschoss. Praxis der Logop\u00e4die Manuela Bahner staatlich gepr\u00fcfte Logop\u00e4din Landsberger Stra\u00dfe 28 b 86947 Weil Parkpl\u00e4tze sind direkt am Haus der Praxen vorhanden. F\u00fcr eine Terminanfrage erreichen Sie mich unter: 08195 \/ 778 5 778 Montag bis Freitag von 08.00 bis 18.00 &hellip; <\/p>\n<p class=\"link-more\"><a href=\"https:\/\/logopaedie-weil.de\/?page_id=49\" class=\"more-link\"><span class=\"screen-reader-text\">\u201eKontakt\u201c <\/span>weiterlesen<\/a><\/p>\n","protected":false},"author":1,"featured_media":0,"parent":0,"menu_order":0,"comment_status":"closed","ping_status":"closed","template":"","meta":{"footnotes":""},"class_list":["post-49","page","type-page","status-publish","hentry"],"_links":{"self":[{"href":"https:\/\/logopaedie-weil.de\/index.php?rest_route=\/wp\/v2\/pages\/49","targetHints":{"allow":["GET"]}}],"collection":[{"href":"https:\/\/logopaedie-weil.de\/index.php?rest_route=\/wp\/v2\/pages"}],"about":[{"href":"https:\/\/logopaedie-weil.de\/index.php?rest_route=\/wp\/v2\/types\/page"}],"author":[{"embeddable":true,"href":"https:\/\/logopaedie-weil.de\/index.php?rest_route=\/wp\/v2\/users\/1"}],"replies":[{"embeddable":true,"href":"https:\/\/logopaedie-weil.de\/index.php?rest_route=%2Fwp%2Fv2%2Fcomments&post=49"}],"version-history":[{"count":13,"href":"https:\/\/logopaedie-weil.de\/index.php?rest_route=\/wp\/v2\/pages\/49\/revisions"}],"predecessor-version":[{"id":125,"href":"https:\/\/logopaedie-weil.de\/index.php?rest_route=\/wp\/v2\/pages\/49\/revisions\/125"}],"wp:attachment":[{"href":"https:\/\/logopaedie-weil.de\/index.php?rest_route=%2Fwp%2Fv2%2Fmedia&parent=49"}],"curies":[{"name":"wp","href":"https:\/\/api.w.org\/{rel}","templated":true}]}}